{"id":149,"date":"2024-11-28T10:22:42","date_gmt":"2024-11-28T10:22:42","guid":{"rendered":"https:\/\/klangoase-altleiningen.com\/?page_id=149"},"modified":"2024-12-04T15:01:47","modified_gmt":"2024-12-04T15:01:47","slug":"about","status":"publish","type":"page","link":"https:\/\/klangoase-altleiningen.com\/home\/about\/","title":{"rendered":"\u00dcber mich"},"content":{"rendered":"\n<div class=\"wp-block-group alignfull has-accent-background-color has-text-color has-background has-link-color wp-elements-c90a546d3b4732dca60bc7b5f972a3e5 has-global-padding is-layout-constrained wp-container-core-group-is-layout-4383d167 wp-block-group-is-layout-constrained\" style=\"color:#768667\">\n<div class=\"wp-block-group alignwide has-accent-background-color has-text-color has-background has-link-color wp-elements-3ce9dc2398f3b47d3f7b96c86ecc63fa has-global-padding is-layout-constrained wp-container-core-group-is-layout-3dead192 wp-block-group-is-layout-constrained\" style=\"color:#768667;margin-top:0;margin-bottom:0;padding-top:80px;padding-bottom:80px\">\n<div class=\"wp-block-columns alignwide is-layout-flex wp-container-core-columns-is-layout-9cf8123d wp-block-columns-is-layout-flex\">\n<div class=\"wp-block-column is-vertically-aligned-center is-layout-flow wp-block-column-is-layout-flow\">\n<figure class=\"wp-block-image aligncenter size-full has-custom-border\"><img loading=\"lazy\" decoding=\"async\" width=\"1024\" height=\"683\" src=\"https:\/\/klangoase-altleiningen.com\/wp-content\/uploads\/2024\/11\/84bf693f-9758-4f5b-9db3-f95ca911f7cc.jpg\" alt=\"\" class=\"wp-image-210\" style=\"border-width:10px;aspect-ratio:1;object-fit:cover\" srcset=\"https:\/\/klangoase-altleiningen.com\/wp-content\/uploads\/2024\/11\/84bf693f-9758-4f5b-9db3-f95ca911f7cc.jpg 1024w, https:\/\/klangoase-altleiningen.com\/wp-content\/uploads\/2024\/11\/84bf693f-9758-4f5b-9db3-f95ca911f7cc-300x200.jpg 300w, https:\/\/klangoase-altleiningen.com\/wp-content\/uploads\/2024\/11\/84bf693f-9758-4f5b-9db3-f95ca911f7cc-768x512.jpg 768w\" sizes=\"auto, (max-width: 1024px) 100vw, 1024px\" \/><\/figure>\n<\/div>\n\n\n\n<div class=\"wp-block-column is-vertically-aligned-center has-text-color has-link-color wp-elements-7f7b1995907542fc5ab624c518950d62 is-layout-flow wp-block-column-is-layout-flow\" style=\"color:#768667;padding-left:15px\">\n<h2 class=\"wp-block-heading has-text-color has-link-color has-suranna-font-family wp-elements-9e42a31272d1280f4bcb84a98f0ab5de\" style=\"color:#768667;font-size:clamp(32.518px, 2.032rem + ((1vw - 3.2px) * 2.654), 58px);font-style:normal;font-weight:500;line-height:0.7\">\u00dcber Mich<\/h2>\n\n\n\n<div class=\"wp-block-group has-global-padding is-layout-constrained wp-block-group-is-layout-constrained\">\n<p class=\"\">Mein Name ist Yvonne und ich wurde 1981 in der sch\u00f6nen Pfalz geboren. Nach dem Abitur begann ich ein Studium im Bereich Bauingenieurwesen, welches ich aber nach dem Vordiplom an den Nagel hing. Ich wusste, ich wollte im Bereich Statik bleiben, jedoch eher auf die Statik des menschlichen K\u00f6rpers bezogen, und entschloss mich 2005 kurzer Hand dazu Physiotherapeutin zu werden.<\/p>\n\n\n\n<p class=\"\">2016 prasselte das Leben auf mich ein, ich wusste es war an Zeit etwas nur f\u00fcr mich zu tun. Durch Zufall stolperte ich \u00fcber Klangschalen, und ganz schnell fand ich meinen, f\u00fcr mich passenden Lehrer in Landau. Ich begann die Ausbildung in der Klangschalenmassage, und merkte sofort nach dem ersten Seminar &#8220;DAS muss ich mit anderen teilen!&#8221; <\/p>\n\n\n\n<p class=\"\">Nach absolvierter Ausbildung begann ich sogar damit, Klangschalen mit in meine physiotherapeutischen Behandlungen einzubinden, und die Ressonanz war grossartig. \u00dcber die Jahre nahm ich an weiteren Fortbildungen teil, z.B. Klangmeditation, Klangreisen und Arbeit mit Stimmgabeln und Gongs.<\/p>\n\n\n\n<p class=\"\">Seit Mai 2024 arbeite ich ausschliesslich mit Klanginstrumenten in meiner KlangOase in Altleiningen.<\/p>\n<\/div>\n<\/div>\n<\/div>\n\n\n\n<div class=\"wp-block-columns alignwide has-text-color has-background has-link-color wp-elements-400526cfc8f3805a848c47d3c15064db is-layout-flex wp-container-core-columns-is-layout-cd83b59a wp-block-columns-is-layout-flex\" style=\"color:#768667;background-color:#f5f8f5;padding-top:0px\">\n<div class=\"wp-block-column is-layout-flow wp-block-column-is-layout-flow\" style=\"padding-top:var(--wp--preset--spacing--40);padding-right:15px\">\n<p class=\"\"><\/p>\n\n\n\n<h2 class=\"wp-block-heading has-text-color has-link-color wp-elements-da26e2ff829a53eda4937419bd0a22ac\" style=\"color:#768677\">Kl\u00e4nge<\/h2>\n\n\n\n<div class=\"wp-block-group has-global-padding is-layout-constrained wp-block-group-is-layout-constrained\" style=\"margin-top:var(--wp--preset--spacing--20);margin-bottom:var(--wp--preset--spacing--20)\">\n<p class=\"has-text-color has-link-color has-outfit-font-family wp-elements-4597b41310ad46a7fb5aa460d73684df\" style=\"color:#768667;font-size:clamp(14px, 0.875rem + ((1vw - 3.2px) * 0.417), 18px);font-style:normal;font-weight:400\">Ich arbeite mit Planetentonschalen, was bedeutet, dass die Frequenzen meiner Klangschalen bekannt sind.<\/p>\n\n\n\n<p class=\"\">Jeder Planet schwingt in einer bestimmten Frequenz, die f\u00fcr Menschen nicht h\u00f6rbar ist. <\/p>\n\n\n\n<p class=\"\">Der Schweizer Mathematiker und Musikwissenschaftler Hans Cousto entdeckte und erforschte 1978 die Urt\u00f6ne. Hierzu hat Cousto alle Planetent\u00f6ne mittels Oktavierung in einen h\u00f6rbaren Bereich von 100-250Hz gebracht. Planetentonschalen weisen also die gleiche Frequenz auf, wie der jeweilge Himmelsk\u00f6rper. Dadurch k\u00f6nnen sie ganz gezielt und effektiv eingesetzt werden. Man weiss, das bestimmte K\u00f6rperregionen auf bestimmte Frequenzen besonders gut reagieren.<\/p>\n<\/div>\n<\/div>\n\n\n\n<div class=\"wp-block-column is-vertically-aligned-top is-layout-flow wp-block-column-is-layout-flow\">\n<figure class=\"wp-block-image aligncenter size-full has-custom-border\" style=\"margin-top:10rem;margin-bottom:10rem\"><img loading=\"lazy\" decoding=\"async\" width=\"1280\" height=\"960\" src=\"https:\/\/klangoase-altleiningen.com\/wp-content\/uploads\/2024\/11\/with-Buddha-engraved.jpg\" alt=\"\" class=\"wp-image-177\" style=\"border-width:10px;aspect-ratio:1;object-fit:cover\" srcset=\"https:\/\/klangoase-altleiningen.com\/wp-content\/uploads\/2024\/11\/with-Buddha-engraved.jpg 1280w, https:\/\/klangoase-altleiningen.com\/wp-content\/uploads\/2024\/11\/with-Buddha-engraved-300x225.jpg 300w, https:\/\/klangoase-altleiningen.com\/wp-content\/uploads\/2024\/11\/with-Buddha-engraved-1024x768.jpg 1024w, https:\/\/klangoase-altleiningen.com\/wp-content\/uploads\/2024\/11\/with-Buddha-engraved-768x576.jpg 768w\" sizes=\"auto, (max-width: 1280px) 100vw, 1280px\" \/><\/figure>\n<\/div>\n<\/div>\n<\/div>\n<\/div>\n\n\n\n<section class=\"wp-block-cover alignfull is-light\" style=\"margin-top:0px;padding-bottom:12.51rem;min-height:650px;aspect-ratio:unset;\"><span aria-hidden=\"true\" class=\"wp-block-cover__background has-background-dim-0 has-background-dim\" style=\"background-color:#beaa83\"><\/span><img loading=\"lazy\" decoding=\"async\" width=\"1280\" height=\"850\" class=\"wp-block-cover__image-background wp-image-187\" alt=\"\" src=\"https:\/\/klangoase-altleiningen.com\/wp-content\/uploads\/2024\/11\/smooth-Wooden-Buddha-1-2.jpg\" data-object-fit=\"cover\" srcset=\"https:\/\/klangoase-altleiningen.com\/wp-content\/uploads\/2024\/11\/smooth-Wooden-Buddha-1-2.jpg 1280w, https:\/\/klangoase-altleiningen.com\/wp-content\/uploads\/2024\/11\/smooth-Wooden-Buddha-1-2-300x199.jpg 300w, https:\/\/klangoase-altleiningen.com\/wp-content\/uploads\/2024\/11\/smooth-Wooden-Buddha-1-2-1024x680.jpg 1024w, https:\/\/klangoase-altleiningen.com\/wp-content\/uploads\/2024\/11\/smooth-Wooden-Buddha-1-2-768x510.jpg 768w\" sizes=\"auto, (max-width: 1280px) 100vw, 1280px\" \/><div class=\"wp-block-cover__inner-container has-global-padding is-layout-constrained wp-container-core-cover-is-layout-19e6744e wp-block-cover-is-layout-constrained\">\n<div class=\"wp-block-group alignfull has-text-color has-global-padding is-layout-constrained wp-container-core-group-is-layout-6f61d7e7 wp-block-group-is-layout-constrained\" style=\"color:#252525;margin-top:0px;padding-top:0rem;padding-right:1rem;padding-bottom:0rem;padding-left:1rem;font-size:clamp(0.875rem, 0.875rem + ((1vw - 0.2rem) * 0.425), 1.13rem);font-style:normal;font-weight:400;line-height:1.4\">\n<div class=\"wp-block-group is-vertical is-content-justification-center is-layout-flex wp-container-core-group-is-layout-b6c1f246 wp-block-group-is-layout-flex\">\n<div class=\"wp-block-group has-global-padding is-layout-constrained wp-container-core-group-is-layout-a099c240 wp-block-group-is-layout-constrained\">\n<div class=\"wp-block-group has-global-padding is-layout-constrained wp-container-core-group-is-layout-0c25cc71 wp-block-group-is-layout-constrained\" style=\"border-style:none;border-width:0px;padding-right:var(--wp--preset--spacing--60);padding-left:var(--wp--preset--spacing--60)\">\n<h2 class=\"wp-block-heading has-text-align-center has-text-color\" style=\"color:#768667;margin-bottom:1.11rem;font-size:clamp(1.556rem, 1.556rem + ((1vw - 0.2rem) * 1.757), 2.61rem);font-style:normal;font-weight:500;line-height:1.2;text-transform:capitalize\">Kontakt<\/h2>\n\n\n\n<p class=\"has-text-align-center has-text-color\" style=\"color:#768667;margin-top:0rem;font-size:clamp(0.875rem, 0.875rem + ((1vw - 0.2rem) * 0.392), 1.11rem);font-style:normal;font-weight:400;line-height:1.6\">Hast du weitere Fragen, oder m\u00f6chtest Du einen Termin vereinbaren?<\/p>\n\n\n\n<div class=\"wp-block-group is-vertical is-content-justification-stretch is-layout-flex wp-container-core-group-is-layout-be82aac6 wp-block-group-is-layout-flex\" style=\"margin-top:0rem;padding-right:0px;padding-left:0px\">\n<div class=\"wp-block-group has-global-padding is-content-justification-center is-layout-constrained wp-container-core-group-is-layout-0638dde4 wp-block-group-is-layout-constrained\" style=\"margin-top:0px\">\n<div class=\"wp-block-buttons is-horizontal is-content-justification-right is-layout-flex wp-container-core-buttons-is-layout-1b0e492f wp-block-buttons-is-layout-flex\" style=\"margin-top:2.21rem\">\n<div class=\"is-style-fill wp-block-button has-custom-width wp-block-button__width-100 has-custom-font-size\" style=\"font-size:clamp(0.875rem, 0.875rem + ((1vw - 0.2rem) * 0.558), 1.21rem);font-style:normal;font-weight:400;line-height:1;text-transform:capitalize\"><a class=\"wp-block-button__link has-text-color has-background has-border-color wp-element-button\" href=\"https:\/\/klangoase-altleiningen.com\/contact\/\" style=\"border-color:#041d55;border-style:solid;border-width:1px;border-radius:2.5rem;color:#768667;background-color:#f5f8f5;padding-top:1.1rem;padding-right:0.81rem;padding-bottom:1.1rem;padding-left:0.81rem\">Kontaktiere Mich<\/a><\/div>\n<\/div>\n<\/div>\n<\/div>\n<\/div>\n<\/div>\n<\/div>\n<\/div>\n<\/div><\/section>\n\n\n\n<p class=\"\"><\/p>\n","protected":false},"excerpt":{"rendered":"<p>\u00dcber Mich Mein Name ist Yvonne und ich wurde 1981 in der sch\u00f6nen Pfalz geboren. Nach dem Abitur begann ich ein Studium im Bereich Bauingenieurwesen, welches ich aber nach dem Vordiplom an den Nagel hing. Ich wusste, ich wollte im Bereich Statik bleiben, jedoch eher auf die Statik des menschlichen K\u00f6rpers bezogen, und entschloss mich [&hellip;]<\/p>\n","protected":false},"author":1,"featured_media":0,"parent":0,"menu_order":0,"comment_status":"closed","ping_status":"closed","template":"","meta":{"nf_dc_page":"","footnotes":""},"class_list":["post-149","page","type-page","status-publish","hentry"],"yoast_head":"<!-- This site is optimized with the Yoast SEO plugin v27.3 - https:\/\/yoast.com\/product\/yoast-seo-wordpress\/ -->\n<title>KlangOase Altleiningen | \u00dcber Mich<\/title>\n<meta name=\"description\" content=\"Wer gibt Klangschalenmassage? Ich arbeite seit 2016 mit Planetentonschalen, deren Frequenzen bekannt sind, und somit ganz gezielt eingesetzt werden k\u00f6nnen.\" \/>\n<meta name=\"robots\" content=\"index, follow, max-snippet:-1, max-image-preview:large, max-video-preview:-1\" \/>\n<link rel=\"canonical\" href=\"https:\/\/klangoase-altleiningen.com\/home\/about\/\" \/>\n<meta property=\"og:locale\" content=\"de_DE\" \/>\n<meta property=\"og:type\" content=\"article\" \/>\n<meta property=\"og:title\" content=\"KlangOase Altleiningen | \u00dcber Mich\" \/>\n<meta property=\"og:description\" content=\"Wer gibt Klangschalenmassage? Ich arbeite seit 2016 mit Planetentonschalen, deren Frequenzen bekannt sind, und somit ganz gezielt eingesetzt werden k\u00f6nnen.\" \/>\n<meta property=\"og:url\" content=\"https:\/\/klangoase-altleiningen.com\/home\/about\/\" \/>\n<meta property=\"article:publisher\" content=\"https:\/\/www.facebook.com\/klangoasealtleiningen\" \/>\n<meta property=\"article:modified_time\" content=\"2024-12-04T15:01:47+00:00\" \/>\n<meta property=\"og:image\" content=\"https:\/\/klangoase-altleiningen.com\/wp-content\/uploads\/2024\/11\/84bf693f-9758-4f5b-9db3-f95ca911f7cc.jpg\" \/>\n<meta name=\"twitter:card\" content=\"summary_large_image\" \/>\n<meta name=\"twitter:label1\" content=\"Gesch\u00e4tzte Lesezeit\" \/>\n\t<meta name=\"twitter:data1\" content=\"3\u00a0Minuten\" \/>\n<script type=\"application\/ld+json\" class=\"yoast-schema-graph\">{\"@context\":\"https:\\\/\\\/schema.org\",\"@graph\":[{\"@type\":\"WebPage\",\"@id\":\"https:\\\/\\\/klangoase-altleiningen.com\\\/home\\\/about\\\/\",\"url\":\"https:\\\/\\\/klangoase-altleiningen.com\\\/home\\\/about\\\/\",\"name\":\"KlangOase Altleiningen | \u00dcber Mich\",\"isPartOf\":{\"@id\":\"https:\\\/\\\/klangoase-altleiningen.com\\\/home\\\/#website\"},\"primaryImageOfPage\":{\"@id\":\"https:\\\/\\\/klangoase-altleiningen.com\\\/home\\\/about\\\/#primaryimage\"},\"image\":{\"@id\":\"https:\\\/\\\/klangoase-altleiningen.com\\\/home\\\/about\\\/#primaryimage\"},\"thumbnailUrl\":\"https:\\\/\\\/klangoase-altleiningen.com\\\/wp-content\\\/uploads\\\/2024\\\/11\\\/84bf693f-9758-4f5b-9db3-f95ca911f7cc.jpg\",\"datePublished\":\"2024-11-28T10:22:42+00:00\",\"dateModified\":\"2024-12-04T15:01:47+00:00\",\"description\":\"Wer gibt Klangschalenmassage? Ich arbeite seit 2016 mit Planetentonschalen, deren Frequenzen bekannt sind, und somit ganz gezielt eingesetzt werden k\u00f6nnen.\",\"breadcrumb\":{\"@id\":\"https:\\\/\\\/klangoase-altleiningen.com\\\/home\\\/about\\\/#breadcrumb\"},\"inLanguage\":\"de\",\"potentialAction\":[{\"@type\":\"ReadAction\",\"target\":[\"https:\\\/\\\/klangoase-altleiningen.com\\\/home\\\/about\\\/\"]}]},{\"@type\":\"ImageObject\",\"inLanguage\":\"de\",\"@id\":\"https:\\\/\\\/klangoase-altleiningen.com\\\/home\\\/about\\\/#primaryimage\",\"url\":\"https:\\\/\\\/klangoase-altleiningen.com\\\/wp-content\\\/uploads\\\/2024\\\/11\\\/84bf693f-9758-4f5b-9db3-f95ca911f7cc.jpg\",\"contentUrl\":\"https:\\\/\\\/klangoase-altleiningen.com\\\/wp-content\\\/uploads\\\/2024\\\/11\\\/84bf693f-9758-4f5b-9db3-f95ca911f7cc.jpg\"},{\"@type\":\"BreadcrumbList\",\"@id\":\"https:\\\/\\\/klangoase-altleiningen.com\\\/home\\\/about\\\/#breadcrumb\",\"itemListElement\":[{\"@type\":\"ListItem\",\"position\":1,\"name\":\"Home\",\"item\":\"https:\\\/\\\/klangoase-altleiningen.com\\\/home\\\/\"},{\"@type\":\"ListItem\",\"position\":2,\"name\":\"\u00dcber mich\"}]},{\"@type\":\"WebSite\",\"@id\":\"https:\\\/\\\/klangoase-altleiningen.com\\\/home\\\/#website\",\"url\":\"https:\\\/\\\/klangoase-altleiningen.com\\\/home\\\/\",\"name\":\"www.klangoase-altleiningen.com\",\"description\":\"Entspannungs-Oase\",\"publisher\":{\"@id\":\"https:\\\/\\\/klangoase-altleiningen.com\\\/home\\\/#organization\"},\"alternateName\":\"Altleiningen KlangOase\",\"potentialAction\":[{\"@type\":\"SearchAction\",\"target\":{\"@type\":\"EntryPoint\",\"urlTemplate\":\"https:\\\/\\\/klangoase-altleiningen.com\\\/home\\\/?s={search_term_string}\"},\"query-input\":{\"@type\":\"PropertyValueSpecification\",\"valueRequired\":true,\"valueName\":\"search_term_string\"}}],\"inLanguage\":\"de\"},{\"@type\":\"Organization\",\"@id\":\"https:\\\/\\\/klangoase-altleiningen.com\\\/home\\\/#organization\",\"name\":\"KlangOase Altleiningen\",\"url\":\"https:\\\/\\\/klangoase-altleiningen.com\\\/home\\\/\",\"logo\":{\"@type\":\"ImageObject\",\"inLanguage\":\"de\",\"@id\":\"https:\\\/\\\/klangoase-altleiningen.com\\\/home\\\/#\\\/schema\\\/logo\\\/image\\\/\",\"url\":\"https:\\\/\\\/klangoase-altleiningen.com\\\/wp-content\\\/uploads\\\/2024\\\/11\\\/Website-Logo-No-BG-1.png\",\"contentUrl\":\"https:\\\/\\\/klangoase-altleiningen.com\\\/wp-content\\\/uploads\\\/2024\\\/11\\\/Website-Logo-No-BG-1.png\",\"width\":500,\"height\":500,\"caption\":\"KlangOase Altleiningen\"},\"image\":{\"@id\":\"https:\\\/\\\/klangoase-altleiningen.com\\\/home\\\/#\\\/schema\\\/logo\\\/image\\\/\"},\"sameAs\":[\"https:\\\/\\\/www.facebook.com\\\/klangoasealtleiningen\",\"https:\\\/\\\/www.instagram.com\\\/klangoase_altleiningen\\\/\"]}]}<\/script>\n<!-- \/ Yoast SEO plugin. -->","yoast_head_json":{"title":"KlangOase Altleiningen | \u00dcber Mich","description":"Wer gibt Klangschalenmassage? Ich arbeite seit 2016 mit Planetentonschalen, deren Frequenzen bekannt sind, und somit ganz gezielt eingesetzt werden k\u00f6nnen.","robots":{"index":"index","follow":"follow","max-snippet":"max-snippet:-1","max-image-preview":"max-image-preview:large","max-video-preview":"max-video-preview:-1"},"canonical":"https:\/\/klangoase-altleiningen.com\/home\/about\/","og_locale":"de_DE","og_type":"article","og_title":"KlangOase Altleiningen | \u00dcber Mich","og_description":"Wer gibt Klangschalenmassage? Ich arbeite seit 2016 mit Planetentonschalen, deren Frequenzen bekannt sind, und somit ganz gezielt eingesetzt werden k\u00f6nnen.","og_url":"https:\/\/klangoase-altleiningen.com\/home\/about\/","article_publisher":"https:\/\/www.facebook.com\/klangoasealtleiningen","article_modified_time":"2024-12-04T15:01:47+00:00","og_image":[{"url":"https:\/\/klangoase-altleiningen.com\/wp-content\/uploads\/2024\/11\/84bf693f-9758-4f5b-9db3-f95ca911f7cc.jpg","type":"","width":"","height":""}],"twitter_card":"summary_large_image","twitter_misc":{"Gesch\u00e4tzte Lesezeit":"3\u00a0Minuten"},"schema":{"@context":"https:\/\/schema.org","@graph":[{"@type":"WebPage","@id":"https:\/\/klangoase-altleiningen.com\/home\/about\/","url":"https:\/\/klangoase-altleiningen.com\/home\/about\/","name":"KlangOase Altleiningen | \u00dcber Mich","isPartOf":{"@id":"https:\/\/klangoase-altleiningen.com\/home\/#website"},"primaryImageOfPage":{"@id":"https:\/\/klangoase-altleiningen.com\/home\/about\/#primaryimage"},"image":{"@id":"https:\/\/klangoase-altleiningen.com\/home\/about\/#primaryimage"},"thumbnailUrl":"https:\/\/klangoase-altleiningen.com\/wp-content\/uploads\/2024\/11\/84bf693f-9758-4f5b-9db3-f95ca911f7cc.jpg","datePublished":"2024-11-28T10:22:42+00:00","dateModified":"2024-12-04T15:01:47+00:00","description":"Wer gibt Klangschalenmassage? Ich arbeite seit 2016 mit Planetentonschalen, deren Frequenzen bekannt sind, und somit ganz gezielt eingesetzt werden k\u00f6nnen.","breadcrumb":{"@id":"https:\/\/klangoase-altleiningen.com\/home\/about\/#breadcrumb"},"inLanguage":"de","potentialAction":[{"@type":"ReadAction","target":["https:\/\/klangoase-altleiningen.com\/home\/about\/"]}]},{"@type":"ImageObject","inLanguage":"de","@id":"https:\/\/klangoase-altleiningen.com\/home\/about\/#primaryimage","url":"https:\/\/klangoase-altleiningen.com\/wp-content\/uploads\/2024\/11\/84bf693f-9758-4f5b-9db3-f95ca911f7cc.jpg","contentUrl":"https:\/\/klangoase-altleiningen.com\/wp-content\/uploads\/2024\/11\/84bf693f-9758-4f5b-9db3-f95ca911f7cc.jpg"},{"@type":"BreadcrumbList","@id":"https:\/\/klangoase-altleiningen.com\/home\/about\/#breadcrumb","itemListElement":[{"@type":"ListItem","position":1,"name":"Home","item":"https:\/\/klangoase-altleiningen.com\/home\/"},{"@type":"ListItem","position":2,"name":"\u00dcber mich"}]},{"@type":"WebSite","@id":"https:\/\/klangoase-altleiningen.com\/home\/#website","url":"https:\/\/klangoase-altleiningen.com\/home\/","name":"www.klangoase-altleiningen.com","description":"Entspannungs-Oase","publisher":{"@id":"https:\/\/klangoase-altleiningen.com\/home\/#organization"},"alternateName":"Altleiningen KlangOase","potentialAction":[{"@type":"SearchAction","target":{"@type":"EntryPoint","urlTemplate":"https:\/\/klangoase-altleiningen.com\/home\/?s={search_term_string}"},"query-input":{"@type":"PropertyValueSpecification","valueRequired":true,"valueName":"search_term_string"}}],"inLanguage":"de"},{"@type":"Organization","@id":"https:\/\/klangoase-altleiningen.com\/home\/#organization","name":"KlangOase Altleiningen","url":"https:\/\/klangoase-altleiningen.com\/home\/","logo":{"@type":"ImageObject","inLanguage":"de","@id":"https:\/\/klangoase-altleiningen.com\/home\/#\/schema\/logo\/image\/","url":"https:\/\/klangoase-altleiningen.com\/wp-content\/uploads\/2024\/11\/Website-Logo-No-BG-1.png","contentUrl":"https:\/\/klangoase-altleiningen.com\/wp-content\/uploads\/2024\/11\/Website-Logo-No-BG-1.png","width":500,"height":500,"caption":"KlangOase Altleiningen"},"image":{"@id":"https:\/\/klangoase-altleiningen.com\/home\/#\/schema\/logo\/image\/"},"sameAs":["https:\/\/www.facebook.com\/klangoasealtleiningen","https:\/\/www.instagram.com\/klangoase_altleiningen\/"]}]}},"_links":{"self":[{"href":"https:\/\/klangoase-altleiningen.com\/home\/wp-json\/wp\/v2\/pages\/149","targetHints":{"allow":["GET"]}}],"collection":[{"href":"https:\/\/klangoase-altleiningen.com\/home\/wp-json\/wp\/v2\/pages"}],"about":[{"href":"https:\/\/klangoase-altleiningen.com\/home\/wp-json\/wp\/v2\/types\/page"}],"author":[{"embeddable":true,"href":"https:\/\/klangoase-altleiningen.com\/home\/wp-json\/wp\/v2\/users\/1"}],"replies":[{"embeddable":true,"href":"https:\/\/klangoase-altleiningen.com\/home\/wp-json\/wp\/v2\/comments?post=149"}],"version-history":[{"count":20,"href":"https:\/\/klangoase-altleiningen.com\/home\/wp-json\/wp\/v2\/pages\/149\/revisions"}],"predecessor-version":[{"id":747,"href":"https:\/\/klangoase-altleiningen.com\/home\/wp-json\/wp\/v2\/pages\/149\/revisions\/747"}],"wp:attachment":[{"href":"https:\/\/klangoase-altleiningen.com\/home\/wp-json\/wp\/v2\/media?parent=149"}],"curies":[{"name":"wp","href":"https:\/\/api.w.org\/{rel}","templated":true}]}}